{"id":35,"date":"2023-03-01T17:25:34","date_gmt":"2023-03-01T16:25:34","guid":{"rendered":"https:\/\/www.christianesteban.com\/?page_id=35"},"modified":"2025-07-10T20:42:49","modified_gmt":"2025-07-10T18:42:49","slug":"politica-de-privacidad","status":"publish","type":"page","link":"https:\/\/www.christianesteban.com\/fr\/politica-de-privacidad\/","title":{"rendered":"politique de confidentialit\u00e9"},"content":{"rendered":"<p>Conform\u00e9ment aux obligations \u00e9tablies dans la loi organique 3\/2018, du 5 d\u00e9cembre, sur la protection des donn\u00e9es personnelles et la garantie<span class=\"Apple-converted-space\">\u00a0<\/span>des droits num\u00e9riques et de l&#039;article 10 de la loi 34\/2002, du 11 juillet, sur les services de la soci\u00e9t\u00e9 de l&#039;information et du commerce \u00e9lectronique, nous vous fournissons des informations concernant le traitement de vos donn\u00e9es personnelles :<\/p>\n<h2>Qui est responsable du traitement de vos donn\u00e9es ?<\/h2>\n<p>Propri\u00e9taire : CRISTIAN ESTEBAN PEREZ \u2013 01180718J<br \/>\nAdresse : Ram\u00f3n P\u00e9rez de Ayala 128, 4A - 28038 Madrid<br \/>\nT\u00e9l\u00e9phone : 696 254 793<br \/>\nCourriel : christianesteban39@yahoo.es<br \/>\nSite Web : www.christianesteban.com<br \/>\n<\/p>\n<p>Pour toute question, veuillez contacter CRISTIAN ESTEBAN PEREZ \u00e0 : christianesteban39@yahoo.es<\/p>\n<p>Notre service client est ouvert de 9h00 \u00e0 21h00 du lundi au vendredi et de 10h00 \u00e0 14h00 le samedi. Vous pouvez nous contacter par tous les moyens.<\/p>\n<p>Nous nous r\u00e9servons le droit de modifier ou d&#039;adapter cette Politique de confidentialit\u00e9 \u00e0 tout moment. Nous vous encourageons \u00e0 la consulter. Si vous \u00eates inscrit et avez acc\u00e9d\u00e9 \u00e0 votre compte ou profil, vous serez inform\u00e9 de toute modification.<\/p>\n<p>Si vous faites partie des groupes suivants, veuillez consulter les informations :<\/p>\n<h2>CONTACTS WEB OU E-MAIL<\/h2>\n<h3>Quelles donn\u00e9es collectons-nous via le Web ?<\/h3>\n<p>Nous pouvons traiter votre adresse IP, votre syst\u00e8me d&#039;exploitation ou votre navigateur, et m\u00eame la dur\u00e9e de votre visite, de mani\u00e8re anonyme. Si vous nous fournissez des informations via le formulaire de contact, vous serez identifi\u00e9 afin que nous puissions vous contacter si n\u00e9cessaire.<\/p>\n<h3>\u00c0 quelles fins traiterons-nous vos donn\u00e9es personnelles ?<\/h3>\n<ul>\n<li>R\u00e9pondre \u00e0 vos questions, demandes ou p\u00e9titions.<\/li>\n<li>G\u00e9rez le service demand\u00e9, r\u00e9pondez \u00e0 votre demande ou traitez votre p\u00e9tition.<\/li>\n<li>Informations par voie \u00e9lectronique, relatives \u00e0 votre demande.<\/li>\n<li>Informations commerciales ou \u00e9v\u00e9nementielles par voie \u00e9lectronique, sous r\u00e9serve d&#039;une autorisation expresse.<\/li>\n<li>Effectuer des analyses et des am\u00e9liorations sur le Web, concernant nos produits et services.<span class=\"Apple-converted-space\">\u00a0 <\/span>Am\u00e9liorer notre strat\u00e9gie commerciale.<\/li>\n<\/ul>\n<h3>Quelle est la l\u00e9gitimit\u00e9 du traitement de vos donn\u00e9es ?<\/h3>\n<p>Acceptation et consentement de la personne concern\u00e9e\u00a0: Dans les cas o\u00f9 il est n\u00e9cessaire de remplir un formulaire et de cliquer sur le bouton \u00ab\u00a0Envoyer\u00a0\u00bb pour soumettre une demande, remplir ce formulaire implique n\u00e9cessairement que vous avez \u00e9t\u00e9 inform\u00e9 et que vous avez express\u00e9ment donn\u00e9 votre consentement au contenu de la clause jointe audit formulaire ou que vous acceptez la politique de confidentialit\u00e9. Tous nos formulaires incluent un symbole\u00a0* dans les champs obligatoires. Si vous ne remplissez pas ces champs ou ne cochez pas la case \u00ab\u00a0Accepter la politique de confidentialit\u00e9\u00a0\u00bb, les informations ne seront pas envoy\u00e9es. La mention habituelle est\u00a0: \u00ab\u00a0\u25a1 J&#039;ai plus de 14\u00a0ans et j&#039;ai lu et j&#039;accepte la politique de confidentialit\u00e9.\u00a0\u00bb<\/p>\n<h2>CLIENTS<\/h2>\n<h3>\u00c0 quelles fins traiterons-nous vos donn\u00e9es personnelles ?<\/h3>\n<ul>\n<li>Pr\u00e9paration et suivi du budget par le biais de communications entre les deux parties.<\/li>\n<li>Informations par voie \u00e9lectronique, relatives \u00e0 votre demande.<\/li>\n<li>Informations commerciales ou \u00e9v\u00e9nementielles par voie \u00e9lectronique, sous r\u00e9serve d&#039;une autorisation expresse.<\/li>\n<li>G\u00e9rer les services administratifs, de communication et de logistique fournis par le Contr\u00f4leur.<\/li>\n<li>Facturation et d\u00e9p\u00f4t des taxes appropri\u00e9es.<\/li>\n<li>Effectuer les transactions correspondantes.<\/li>\n<li>Proc\u00e9dures de contr\u00f4le et de r\u00e9cup\u00e9ration.<\/li>\n<\/ul>\n<h2>FOURNISSEURS<\/h2>\n<h3>\u00c0 quelles fins traiterons-nous vos donn\u00e9es personnelles ?<\/h3>\n<ul>\n<li>Informations par voie \u00e9lectronique, relatives \u00e0 votre demande.<\/li>\n<li>Informations commerciales ou \u00e9v\u00e9nementielles par voie \u00e9lectronique, sous r\u00e9serve d&#039;une autorisation expresse.<\/li>\n<li>G\u00e9rer les services administratifs, de communication et de logistique fournis par le Contr\u00f4leur.<\/li>\n<li>Facturation.<\/li>\n<li>Effectuer les transactions correspondantes.<\/li>\n<li>Facturation et d\u00e9claration des taxes appropri\u00e9es.<\/li>\n<li>Proc\u00e9dures de contr\u00f4le et de r\u00e9cup\u00e9ration.<\/li>\n<\/ul>\n<h3>Quelle est la l\u00e9gitimit\u00e9 du traitement de vos donn\u00e9es ?<\/h3>\n<p>La base juridique est l&#039;acceptation d&#039;une relation contractuelle ou, \u00e0 d\u00e9faut, votre consentement lorsque vous nous contactez ou nous proposez vos produits par quelque moyen que ce soit.<\/p>\n<h2>CONTACTS SUR LES R\u00c9SEAUX SOCIAUX<\/h2>\n<h3>\u00c0 quelles fins traiterons-nous vos donn\u00e9es personnelles ?<\/h3>\n<ul>\n<li>R\u00e9pondre \u00e0 vos questions et demandes<span class=\"Apple-converted-space\">\u00a0 <\/span>ou des demandes.<\/li>\n<li>G\u00e9rez le service demand\u00e9, r\u00e9pondez \u00e0 votre demande ou traitez votre p\u00e9tition.<\/li>\n<li>Connectez-vous avec vous et cr\u00e9ez une communaut\u00e9 d&#039;abonn\u00e9s.<\/li>\n<\/ul>\n<h3>Quelle est la l\u00e9gitimit\u00e9 du traitement de vos donn\u00e9es ?<\/h3>\n<p>Acceptation d&#039;une relation contractuelle au sein de l&#039;environnement du r\u00e9seau social concern\u00e9 et conform\u00e9ment \u00e0 ses politiques de confidentialit\u00e9 :<\/p>\n<ul>\n<li>Facebook <a href=\"http:\/\/www.facebook.com\/policy.php?ref=pf#_blank\">http:\/\/www.facebook.com\/policy.php?ref=pf<\/a><\/li>\n<li>Instagram <a href=\"https:\/\/help.instagram.com\/155833707900388#_blank\">https:\/\/help.instagram.com\/155833707900388<\/a><\/li>\n<li>Gazouillement\u00a0<a href=\"http:\/\/twitter.com\/privacy#_blank\">http:\/\/twitter.com\/privacy<\/a><\/li>\n<li>Pinterest <a href=\"https:\/\/about.pinterest.com\/es\/privacy-policy#_blank\">https:\/\/about.pinterest.com\/es\/privacy-policy<\/a><\/li>\n<li>Google* <a href=\"http:\/\/www.google.com\/intl\/es\/policies\/privacy\/#_blank\">http:\/\/www.google.com\/intl\/es\/policies\/privacy\/<\/a> *(Google+ et Youtube)<\/li>\n<\/ul>\n<h3>Combien de temps conserverons-nous les donn\u00e9es personnelles ?<\/h3>\n<p>Nous ne pouvons consulter ou supprimer vos donn\u00e9es que de mani\u00e8re limit\u00e9e, \u00e0 condition que vous ayez un profil sp\u00e9cifique. Nous les traiterons aussi longtemps que vous nous autoriserez \u00e0 nous suivre, \u00e0 devenir amis ou \u00e0 cliquer sur \u00ab\u00a0J&#039;aime\u00a0\u00bb, \u00ab\u00a0Suivre\u00a0\u00bb ou des boutons similaires. Toute modification de vos donn\u00e9es ou restriction d&#039;informations ou de publications doit \u00eatre effectu\u00e9e via votre profil ou les param\u00e8tres utilisateur du r\u00e9seau social lui-m\u00eame.<\/p>\n<h2>Incluons-nous des donn\u00e9es personnelles de tiers ?<\/h2>\n<p>Non, en r\u00e8gle g\u00e9n\u00e9rale, nous traitons uniquement les donn\u00e9es qui nous sont fournies par les personnes concern\u00e9es. Si<span class=\"Apple-converted-space\">\u00a0<\/span>Si vous nous fournissez des donn\u00e9es provenant de tiers, vous devez au pr\u00e9alable informer et demander le consentement de ces personnes, sous peine de nous d\u00e9gager de toute responsabilit\u00e9 en cas de non-respect de cette exigence.<\/p>\n<h3>Et les donn\u00e9es sur les mineurs ?<\/h3>\n<p>Nous ne traitons pas les donn\u00e9es des mineurs de moins de 14 ans. Par cons\u00e9quent, veuillez vous abstenir de fournir des donn\u00e9es si vous avez moins de 14 ans ou, le cas \u00e9ch\u00e9ant, de fournir des donn\u00e9es de tiers mineurs. CRISTIAN ESTEBAN PEREZ d\u00e9cline toute responsabilit\u00e9 en cas de non-respect de cette disposition.<\/p>\n<h2>Est-ce que nous communiquerons par voie \u00e9lectronique ?<\/h2>\n<ul>\n<li>Ceux-ci ne seront utilis\u00e9s que pour traiter votre demande, s&#039;il s&#039;agit d&#039;un des moyens de contact que vous nous avez fournis.<\/li>\n<li>Si nous faisons des communications commerciales, elles auront \u00e9t\u00e9 pr\u00e9alablement et express\u00e9ment<span class=\"Apple-converted-space\">\u00a0 <\/span>autoris\u00e9 par vous.<\/li>\n<\/ul>\n<h2>Quelles mesures de s\u00e9curit\u00e9 appliquons-nous ?<\/h2>\n<p>Soyez rassur\u00e9 : nous avons adopt\u00e9 un niveau de protection optimal pour les Donn\u00e9es Personnelles que nous traitons, et nous avons mis en \u0153uvre tous les moyens et mesures techniques disponibles, bas\u00e9s sur l&#039;\u00e9tat de la technique, pour emp\u00eacher la perte, l&#039;utilisation abusive, l&#039;alt\u00e9ration, l&#039;acc\u00e8s non autoris\u00e9 et le vol des Donn\u00e9es Personnelles.<\/p>\n<h2>\u00c0 quels destinataires vos donn\u00e9es seront-elles communiqu\u00e9es ?<\/h2>\n<p>Vos donn\u00e9es ne seront pas partag\u00e9es avec des tiers, sauf obligation l\u00e9gale. Elles seront notamment partag\u00e9es avec l&#039;Agence nationale de l&#039;administration fiscale, les banques et institutions financi\u00e8res pour le paiement du service fourni ou du produit achet\u00e9, ainsi qu&#039;avec les sous-traitants n\u00e9cessaires \u00e0 l&#039;ex\u00e9cution du contrat. En cas d&#039;achat ou de paiement, si vous choisissez une application, un site web, une plateforme, une carte bancaire ou tout autre service en ligne, vos donn\u00e9es seront partag\u00e9es avec cette plateforme ou trait\u00e9es dans son environnement, toujours avec la plus grande s\u00e9curit\u00e9. Sur demande, l&#039;entreprise de d\u00e9veloppement et de maintenance web ou l&#039;h\u00e9bergeur aura acc\u00e8s \u00e0 notre site web. Ils auront sign\u00e9 un contrat de prestation de services les obligeant \u00e0 maintenir le m\u00eame niveau de confidentialit\u00e9 que nous.<\/p>\n<p>Tout transfert international de donn\u00e9es utilisant des applications am\u00e9ricaines sera soumis aux garanties appropri\u00e9es requises par le RGPD, qui garantit que les soci\u00e9t\u00e9s de logiciels am\u00e9ricaines se conforment aux politiques europ\u00e9ennes de protection des donn\u00e9es en mati\u00e8re de confidentialit\u00e9.<\/p>\n<h2>Quels sont vos droits ?<\/h2>\n<ul>\n<li>Pour savoir si nous traitons vos donn\u00e9es ou non.<\/li>\n<li>Pour acc\u00e9der \u00e0 vos donn\u00e9es personnelles.<\/li>\n<li>De demander la rectification de vos donn\u00e9es si elles sont inexactes.<\/li>\n<li>De demander la suppression de vos donn\u00e9es si elles ne sont plus n\u00e9cessaires aux finalit\u00e9s pour lesquelles elles ont \u00e9t\u00e9 collect\u00e9es ou si vous retirez le consentement que vous avez accord\u00e9.<\/li>\n<li>De demander la limitation du traitement de vos donn\u00e9es, dans certains cas, auquel cas nous ne les conserverons que conform\u00e9ment \u00e0 la r\u00e9glementation en vigueur.<\/li>\n<li>Transf\u00e9rer vos donn\u00e9es, qui vous seront fournies dans un format structur\u00e9, couramment utilis\u00e9 ou lisible par machine. Si vous le souhaitez, nous pouvons les transmettre au nouveau responsable du traitement que vous aurez d\u00e9sign\u00e9. Ceci n&#039;est valable que dans certains cas.<\/li>\n<li>Pour d\u00e9poser une plainte aupr\u00e8s de l&#039;Agence espagnole de protection des donn\u00e9es ou de l&#039;autorit\u00e9 de contr\u00f4le comp\u00e9tente si vous estimez que nous ne vous avons pas servi correctement.<\/li>\n<li>De r\u00e9voquer \u00e0 tout moment votre consentement \u00e0 tout traitement auquel vous avez consenti.<\/li>\n<\/ul>\n<p>Si vous modifiez l\u2019une de vos informations, veuillez nous en informer afin que nous puissions les maintenir \u00e0 jour.<\/p>\n<h3>Souhaitez-vous un formulaire pour exercer vos droits ?<\/h3>\n<ul>\n<li>Nous disposons de formulaires pour l&#039;exercice de vos droits, demandez-les nous en<span class=\"Apple-converted-space\">\u00a0 <\/span>par courrier \u00e9lectronique ou, si vous pr\u00e9f\u00e9rez, vous pouvez utiliser ceux pr\u00e9par\u00e9s par l&#039;Agence espagnole de protection des donn\u00e9es ou par des tiers.<\/li>\n<li>Ces formulaires doivent \u00eatre sign\u00e9s \u00e9lectroniquement ou accompagn\u00e9s d&#039;une photocopie de votre pi\u00e8ce d&#039;identit\u00e9.<\/li>\n<li>Si quelqu\u2019un vous repr\u00e9sente, vous devez joindre une copie de sa pi\u00e8ce d\u2019identit\u00e9 ou la faire signer \u00e9lectroniquement.<\/li>\n<li>Les formulaires peuvent \u00eatre d\u00e9pos\u00e9s en personne, envoy\u00e9s par courrier ou envoy\u00e9s par courrier \u00e9lectronique \u00e0 l&#039;adresse du Responsable du traitement indiqu\u00e9e au d\u00e9but de ce texte.<\/li>\n<\/ul>\n<h3>Combien de temps nous faut-il pour r\u00e9pondre \u00e0 votre exercice de droits ?<\/h3>\n<p>Cela d\u00e9pend de la loi, mais dans un d\u00e9lai maximum d&#039;un mois \u00e0 compter de votre demande, et de deux mois si le probl\u00e8me est tr\u00e8s complexe et que nous vous informons que nous avons besoin de plus de temps.<\/p>\n<h2>Traitons-nous des cookies ?<\/h2>\n<p>Si nous utilisons des cookies autres que ceux n\u00e9cessaires, vous pouvez consulter la politique de cookies en cliquant sur le lien correspondant en haut de notre site Web.<\/p>\n<h2>Combien de temps conserverons-nous vos donn\u00e9es personnelles ?<\/h2>\n<ul>\n<li>Les donn\u00e9es personnelles seront conserv\u00e9es aussi longtemps que vous resterez associ\u00e9 \u00e0 nous.<\/li>\n<li>Une fois votre d\u00e9sinscription effectu\u00e9e, les donn\u00e9es personnelles trait\u00e9es pour chaque finalit\u00e9 seront conserv\u00e9es pendant les p\u00e9riodes l\u00e9galement \u00e9tablies, y compris la p\u00e9riode pendant laquelle un juge ou un tribunal peut les demander conform\u00e9ment au d\u00e9lai de prescription des actions en justice.<\/li>\n<li>Les donn\u00e9es trait\u00e9es seront conserv\u00e9es jusqu&#039;\u00e0 l&#039;expiration des d\u00e9lais l\u00e9gaux susmentionn\u00e9s, s&#039;il existe une obligation l\u00e9gale de les conserver, ou s&#039;il n&#039;existe pas de tel d\u00e9lai l\u00e9gal, jusqu&#039;\u00e0 ce que la personne concern\u00e9e demande leur suppression ou r\u00e9voque le consentement accord\u00e9.<\/li>\n<li>Nous conserverons toutes les informations et communications li\u00e9es \u00e0 votre achat ou \u00e0 la fourniture de notre service aussi longtemps que dureront les garanties du produit ou du service, afin de r\u00e9pondre \u00e0 toute r\u00e9clamation potentielle.<\/li>\n<\/ul>","protected":false},"excerpt":{"rendered":"<p>En cumplimiento de las obligaciones establecidas en la Ley Org\u00e1nica 3\/2018, de 5 de diciembre, de Protecci\u00f3n de Datos Personales y Garant\u00eda\u00a0de los Derechos Digitales y del art\u00edculo 10 de la Ley 34\/2002, de 11 de julio, de Servicios de la Sociedad de la Informaci\u00f3n y Comercio Electr\u00f3nico, se le facilita la informaci\u00f3n relativa al [&hellip;]<\/p>\n","protected":false},"author":1,"featured_media":0,"parent":0,"menu_order":6,"comment_status":"closed","ping_status":"closed","template":"","meta":{"_joinchat":[],"footnotes":""},"class_list":["post-35","page","type-page","status-publish","hentry"],"yoast_head":"<!-- This site is optimized with the Yoast SEO plugin v27.4 - https:\/\/yoast.com\/product\/yoast-seo-wordpress\/ -->\n<title>Pol\u00edtica de privacidad - Art\u00edculos Esteban<\/title>\n<meta name=\"description\" content=\"Pol\u00edtica de privacidad de Art\u00edculos Esteban\" \/>\n<meta name=\"robots\" content=\"index, follow, max-snippet:-1, max-image-preview:large, max-video-preview:-1\" \/>\n<link rel=\"canonical\" href=\"https:\/\/www.christianesteban.com\/fr\/politica-de-privacidad\/\" \/>\n<meta property=\"og:locale\" content=\"fr_FR\" \/>\n<meta property=\"og:type\" content=\"article\" \/>\n<meta property=\"og:title\" content=\"Pol\u00edtica de privacidad - Art\u00edculos Esteban\" \/>\n<meta property=\"og:description\" content=\"Pol\u00edtica de privacidad de Art\u00edculos Esteban\" \/>\n<meta property=\"og:url\" content=\"https:\/\/www.christianesteban.com\/fr\/politica-de-privacidad\/\" \/>\n<meta property=\"og:site_name\" content=\"Art\u00edculos Esteban\" \/>\n<meta property=\"article:modified_time\" content=\"2025-07-10T18:42:49+00:00\" \/>\n<meta name=\"twitter:card\" content=\"summary_large_image\" \/>\n<script type=\"application\/ld+json\" class=\"yoast-schema-graph\">{\"@context\":\"https:\\\/\\\/schema.org\",\"@graph\":[{\"@type\":\"WebPage\",\"@id\":\"https:\\\/\\\/www.christianesteban.com\\\/politica-de-privacidad\\\/\",\"url\":\"https:\\\/\\\/www.christianesteban.com\\\/politica-de-privacidad\\\/\",\"name\":\"Pol\u00edtica de privacidad - Art\u00edculos Esteban\",\"isPartOf\":{\"@id\":\"https:\\\/\\\/www.christianesteban.com\\\/#website\"},\"datePublished\":\"2023-03-01T16:25:34+00:00\",\"dateModified\":\"2025-07-10T18:42:49+00:00\",\"description\":\"Pol\u00edtica de privacidad de Art\u00edculos Esteban\",\"breadcrumb\":{\"@id\":\"https:\\\/\\\/www.christianesteban.com\\\/politica-de-privacidad\\\/#breadcrumb\"},\"inLanguage\":\"fr-FR\",\"potentialAction\":[{\"@type\":\"ReadAction\",\"target\":[\"https:\\\/\\\/www.christianesteban.com\\\/politica-de-privacidad\\\/\"]}]},{\"@type\":\"BreadcrumbList\",\"@id\":\"https:\\\/\\\/www.christianesteban.com\\\/politica-de-privacidad\\\/#breadcrumb\",\"itemListElement\":[{\"@type\":\"ListItem\",\"position\":1,\"name\":\"Inicio\",\"item\":\"https:\\\/\\\/www.christianesteban.com\\\/\"},{\"@type\":\"ListItem\",\"position\":2,\"name\":\"Pol\u00edtica de privacidad\"}]},{\"@type\":\"WebSite\",\"@id\":\"https:\\\/\\\/www.christianesteban.com\\\/#website\",\"url\":\"https:\\\/\\\/www.christianesteban.com\\\/\",\"name\":\"Articulos Esteban\",\"description\":\"Venta de productos en general\",\"publisher\":{\"@id\":\"https:\\\/\\\/www.christianesteban.com\\\/#organization\"},\"potentialAction\":[{\"@type\":\"SearchAction\",\"target\":{\"@type\":\"EntryPoint\",\"urlTemplate\":\"https:\\\/\\\/www.christianesteban.com\\\/?s={search_term_string}\"},\"query-input\":{\"@type\":\"PropertyValueSpecification\",\"valueRequired\":true,\"valueName\":\"search_term_string\"}}],\"inLanguage\":\"fr-FR\"},{\"@type\":\"Organization\",\"@id\":\"https:\\\/\\\/www.christianesteban.com\\\/#organization\",\"name\":\"Articulos Esteban\",\"url\":\"https:\\\/\\\/www.christianesteban.com\\\/\",\"logo\":{\"@type\":\"ImageObject\",\"inLanguage\":\"fr-FR\",\"@id\":\"https:\\\/\\\/www.christianesteban.com\\\/#\\\/schema\\\/logo\\\/image\\\/\",\"url\":\"https:\\\/\\\/www.christianesteban.com\\\/wp-content\\\/uploads\\\/2025\\\/07\\\/logo.png\",\"contentUrl\":\"https:\\\/\\\/www.christianesteban.com\\\/wp-content\\\/uploads\\\/2025\\\/07\\\/logo.png\",\"width\":1007,\"height\":703,\"caption\":\"Articulos Esteban\"},\"image\":{\"@id\":\"https:\\\/\\\/www.christianesteban.com\\\/#\\\/schema\\\/logo\\\/image\\\/\"}}]}<\/script>\n<!-- \/ Yoast SEO plugin. -->","yoast_head_json":{"title":"Politique de confidentialit\u00e9 - Articles Esteban","description":"Politique de confidentialit\u00e9 des articles d&#039;Esteban","robots":{"index":"index","follow":"follow","max-snippet":"max-snippet:-1","max-image-preview":"max-image-preview:large","max-video-preview":"max-video-preview:-1"},"canonical":"https:\/\/www.christianesteban.com\/fr\/politica-de-privacidad\/","og_locale":"fr_FR","og_type":"article","og_title":"Pol\u00edtica de privacidad - Art\u00edculos Esteban","og_description":"Pol\u00edtica de privacidad de Art\u00edculos Esteban","og_url":"https:\/\/www.christianesteban.com\/fr\/politica-de-privacidad\/","og_site_name":"Art\u00edculos Esteban","article_modified_time":"2025-07-10T18:42:49+00:00","twitter_card":"summary_large_image","schema":{"@context":"https:\/\/schema.org","@graph":[{"@type":"WebPage","@id":"https:\/\/www.christianesteban.com\/politica-de-privacidad\/","url":"https:\/\/www.christianesteban.com\/politica-de-privacidad\/","name":"Politique de confidentialit\u00e9 - Articles Esteban","isPartOf":{"@id":"https:\/\/www.christianesteban.com\/#website"},"datePublished":"2023-03-01T16:25:34+00:00","dateModified":"2025-07-10T18:42:49+00:00","description":"Politique de confidentialit\u00e9 des articles d&#039;Esteban","breadcrumb":{"@id":"https:\/\/www.christianesteban.com\/politica-de-privacidad\/#breadcrumb"},"inLanguage":"fr-FR","potentialAction":[{"@type":"ReadAction","target":["https:\/\/www.christianesteban.com\/politica-de-privacidad\/"]}]},{"@type":"BreadcrumbList","@id":"https:\/\/www.christianesteban.com\/politica-de-privacidad\/#breadcrumb","itemListElement":[{"@type":"ListItem","position":1,"name":"Inicio","item":"https:\/\/www.christianesteban.com\/"},{"@type":"ListItem","position":2,"name":"Pol\u00edtica de privacidad"}]},{"@type":"WebSite","@id":"https:\/\/www.christianesteban.com\/#website","url":"https:\/\/www.christianesteban.com\/","name":"Articles Esteban","description":"Vente de produits en g\u00e9n\u00e9ral","publisher":{"@id":"https:\/\/www.christianesteban.com\/#organization"},"potentialAction":[{"@type":"SearchAction","target":{"@type":"EntryPoint","urlTemplate":"https:\/\/www.christianesteban.com\/?s={search_term_string}"},"query-input":{"@type":"PropertyValueSpecification","valueRequired":true,"valueName":"search_term_string"}}],"inLanguage":"fr-FR"},{"@type":"Organization","@id":"https:\/\/www.christianesteban.com\/#organization","name":"Articles Esteban","url":"https:\/\/www.christianesteban.com\/","logo":{"@type":"ImageObject","inLanguage":"fr-FR","@id":"https:\/\/www.christianesteban.com\/#\/schema\/logo\/image\/","url":"https:\/\/www.christianesteban.com\/wp-content\/uploads\/2025\/07\/logo.png","contentUrl":"https:\/\/www.christianesteban.com\/wp-content\/uploads\/2025\/07\/logo.png","width":1007,"height":703,"caption":"Articulos Esteban"},"image":{"@id":"https:\/\/www.christianesteban.com\/#\/schema\/logo\/image\/"}}]}},"_links":{"self":[{"href":"https:\/\/www.christianesteban.com\/fr\/wp-json\/wp\/v2\/pages\/35","targetHints":{"allow":["GET"]}}],"collection":[{"href":"https:\/\/www.christianesteban.com\/fr\/wp-json\/wp\/v2\/pages"}],"about":[{"href":"https:\/\/www.christianesteban.com\/fr\/wp-json\/wp\/v2\/types\/page"}],"author":[{"embeddable":true,"href":"https:\/\/www.christianesteban.com\/fr\/wp-json\/wp\/v2\/users\/1"}],"replies":[{"embeddable":true,"href":"https:\/\/www.christianesteban.com\/fr\/wp-json\/wp\/v2\/comments?post=35"}],"version-history":[{"count":1,"href":"https:\/\/www.christianesteban.com\/fr\/wp-json\/wp\/v2\/pages\/35\/revisions"}],"predecessor-version":[{"id":398,"href":"https:\/\/www.christianesteban.com\/fr\/wp-json\/wp\/v2\/pages\/35\/revisions\/398"}],"wp:attachment":[{"href":"https:\/\/www.christianesteban.com\/fr\/wp-json\/wp\/v2\/media?parent=35"}],"curies":[{"name":"wp","href":"https:\/\/api.w.org\/{rel}","templated":true}]}}